{"id":1315,"date":"2023-01-17T17:07:32","date_gmt":"2023-01-17T15:07:32","guid":{"rendered":"http:\/\/www.csav.be\/?page_id=1315"},"modified":"2025-10-27T15:50:58","modified_gmt":"2025-10-27T13:50:58","slug":"ecole-de-devoirs","status":"publish","type":"page","link":"http:\/\/www.csav.be\/?page_id=1315","title":{"rendered":"Ecole De Devoirs"},"content":{"rendered":"\n<h2>Aide scolaire pour les enfants du primaire<\/h2>\n\n\n\n<p>Notre Ecole De Devoirs a la particularit\u00e9 de pratiquer <mark style=\"background-color:rgba(0, 0, 0, 0)\" class=\"has-inline-color has-luminous-vivid-orange-color\">l&#8217;aide individuelle<\/mark>, c&#8217;est-\u00e0-dire chaque enfant travaille avec un adulte. <\/p>\n\n\n\n<p>Nous visons <mark style=\"background-color:rgba(0, 0, 0, 0)\" class=\"has-inline-color has-vivid-green-cyan-color\">l&#8217;autonomie <\/mark>de chacun. Ainsi, les plus grands essayent de commencer seuls leur travaux scolaires avant d&#8217;\u00eatre \u00e9paul\u00e9s par l&#8217;adulte. <\/p>\n\n\n\n<div class=\"wp-block-media-text alignwide is-stacked-on-mobile\" style=\"grid-template-columns:31% auto\"><figure class=\"wp-block-media-text__media\"><img decoding=\"async\" src=\"https:\/\/cdn5.coloritou.com\/dessins\/peindre\/201847\/fille-avec-horloge-ecole-107160.jpg\" alt=\"\"\/><\/figure><div class=\"wp-block-media-text__content\">\n<p><mark style=\"background-color:rgba(0, 0, 0, 0)\" class=\"has-inline-color has-vivid-cyan-blue-color\">Les lundis, mardis, jeudis et vendredis<\/mark>, nous travaillons avec deux groupes : <\/p>\n\n\n\n<ul>\n<li>le 1er groupe: de 15h30 \u00e0 16h30<\/li>\n\n\n\n<li>le 2\u00e8me groupe: de 16h30 \u00e0 17h30<\/li>\n<\/ul>\n<\/div><\/div>\n\n\n\n<p><\/p>\n\n\n<div class=\"wp-block-image\">\n<figure class=\"aligncenter size-large is-resized\"><img decoding=\"async\" loading=\"lazy\" src=\"https:\/\/plusloinquelesetoiles.com\/wp-content\/uploads\/2022\/02\/Untitled-29.png\" alt=\"\" width=\"322\" height=\"164\"\/><\/figure><\/div>\n\n\n<p><\/p>\n\n\n\n<p>Les activit\u00e9s ludiques sont tout aussi importantes que les travaux scolaires, ces activit\u00e9s sont r\u00e9fl\u00e9chies et mises en place par une \u00e9quipe \u00e9ducative qualifi\u00e9e.<\/p>\n\n\n\n<p><mark style=\"background-color:rgba(0, 0, 0, 0)\" class=\"has-inline-color has-vivid-cyan-blue-color\">Les mercredis apr\u00e8s-midis<\/mark> riment avec petits projets. Sur une p\u00e9riode de deux mois, les enfants pensent et r\u00e9alisent un projet commun (une exposition, un spectacle,&#8230;).<\/p>\n\n\n\n<p><\/p>\n\n\n<div class=\"wp-block-image\">\n<figure class=\"aligncenter size-large is-resized\"><a href=\"http:\/\/www.csav.be\/wp-content\/uploads\/2023\/01\/319341050_677870010494827_7458557684951075315_n-1.jpg\"><img decoding=\"async\" loading=\"lazy\" src=\"http:\/\/www.csav.be\/wp-content\/uploads\/2023\/01\/319341050_677870010494827_7458557684951075315_n-1-768x1024.jpg\" alt=\"\" class=\"wp-image-1339\" width=\"259\" height=\"345\" srcset=\"http:\/\/www.csav.be\/wp-content\/uploads\/2023\/01\/319341050_677870010494827_7458557684951075315_n-1-768x1024.jpg 768w, http:\/\/www.csav.be\/wp-content\/uploads\/2023\/01\/319341050_677870010494827_7458557684951075315_n-1-225x300.jpg 225w, http:\/\/www.csav.be\/wp-content\/uploads\/2023\/01\/319341050_677870010494827_7458557684951075315_n-1-1152x1536.jpg 1152w, http:\/\/www.csav.be\/wp-content\/uploads\/2023\/01\/319341050_677870010494827_7458557684951075315_n-1.jpg 1536w\" sizes=\"(max-width: 259px) 100vw, 259px\" \/><\/a><figcaption class=\"wp-element-caption\"><sub>Projet cirque novembre-d\u00e9cembre 2022<\/sub><\/figcaption><\/figure><\/div>\n\n\n<p><mark style=\"background-color:rgba(0, 0, 0, 0)\" class=\"has-inline-color has-vivid-red-color\">Durant les vacances scolaires<\/mark>, nous organisons des semaines de stages \u00e0 destination des enfants \u00e2g\u00e9s de 6 \u00e0 12 ans (primaire). Ceux-ci sont ouverts \u00e0 tous mais une priorit\u00e9 est donn\u00e9e aux enfants de l&#8217;\u00e9cole de devoirs. Les th\u00e8mes sont vari\u00e9s: &#8220;Retour vers le futur&#8221;, &#8220;Le carnaval du monde&#8221;, &#8220;Le Moyen-Age&#8221;, &#8220;Top-chef&#8221; et bien d&#8217;autres,&#8230;<\/p>\n\n\n\n<p><\/p>\n\n\n\n<h2>Aide scolaire pour les jeunes de la 1\u00e8re \u00e0 la 3\u00e8me secondaire<\/h2>\n\n\n\n<p>Une fois le primaire termin\u00e9, certains jeunes ressentent le besoin d&#8217;\u00eatre soutenus encore un peu\u2026 <\/p>\n\n\n\n<p>C&#8217;est dans cette optique que, depuis septembre 2021, nous proposons une aide scolaire destin\u00e9e aux adolescents jusqu&#8217;\u00e0 la 3\u00e8me secondaire. Nous mettons un point d&#8217;honneur \u00e0 ce que l&#8217;inscription soit r\u00e9alis\u00e9e avec l&#8217;adolescent, ses parents et qu&#8217;elle soit le fruit d&#8217;une demande, d&#8217;un souhait du jeune. <\/p>\n\n\n\n<p>L&#8217;aide scolaire pour adolescents se d\u00e9roule en deux groupes: <\/p>\n\n\n\n<ul>\n<li>Le 1er groupe: <mark style=\"background-color:rgba(0, 0, 0, 0)\" class=\"has-inline-color has-vivid-cyan-blue-color\">les lundis et jeudis de 16h30 \u00e0 17h<\/mark>30<\/li>\n\n\n\n<li>le 2\u00e8me groupe: <mark style=\"background-color:rgba(0, 0, 0, 0)\" class=\"has-inline-color has-vivid-cyan-blue-color\">les mardis et vendredis de 16h30 \u00e0 17h30<\/mark><\/li>\n<\/ul>\n\n\n\n<p>Les adolescents se r\u00e9unissent certains mercredis par mois pour mettre en place un projet commun sur toute une ann\u00e9e scolaire. <\/p>\n","protected":false},"excerpt":{"rendered":"<p>Aide scolaire pour les enfants du primaire Notre Ecole De Devoirs a la particularit\u00e9 de [&hellip;]<\/p>\n","protected":false},"author":4,"featured_media":0,"parent":0,"menu_order":0,"comment_status":"closed","ping_status":"closed","template":"","meta":[],"_links":{"self":[{"href":"http:\/\/www.csav.be\/index.php?rest_route=\/wp\/v2\/pages\/1315"}],"collection":[{"href":"http:\/\/www.csav.be\/index.php?rest_route=\/wp\/v2\/pages"}],"about":[{"href":"http:\/\/www.csav.be\/index.php?rest_route=\/wp\/v2\/types\/page"}],"author":[{"embeddable":true,"href":"http:\/\/www.csav.be\/index.php?rest_route=\/wp\/v2\/users\/4"}],"replies":[{"embeddable":true,"href":"http:\/\/www.csav.be\/index.php?rest_route=%2Fwp%2Fv2%2Fcomments&post=1315"}],"version-history":[{"count":5,"href":"http:\/\/www.csav.be\/index.php?rest_route=\/wp\/v2\/pages\/1315\/revisions"}],"predecessor-version":[{"id":1488,"href":"http:\/\/www.csav.be\/index.php?rest_route=\/wp\/v2\/pages\/1315\/revisions\/1488"}],"wp:attachment":[{"href":"http:\/\/www.csav.be\/index.php?rest_route=%2Fwp%2Fv2%2Fmedia&parent=1315"}],"curies":[{"name":"wp","href":"https:\/\/api.w.org\/{rel}","templated":true}]}}